{"id":125,"date":"2024-11-19T07:08:01","date_gmt":"2024-11-19T07:08:01","guid":{"rendered":"https:\/\/imaginaryroots.ch\/?page_id=125"},"modified":"2025-07-02T06:44:58","modified_gmt":"2025-07-02T06:44:58","slug":"datenschuetzerklaerung","status":"publish","type":"page","link":"https:\/\/imaginaryroots.ch\/index.php\/datenschuetzerklaerung\/","title":{"rendered":"Datensch\u00fctzerkl\u00e4rung"},"content":{"rendered":"\n<p class=\"has-cyan-bluish-gray-color has-text-color has-link-color wp-elements-23e03e78b040e0f415df15e16c51b3fc\">Verantwortliche Stelle im Sinne der Datenschutzgesetze, insbesondere der EU-Datenschutzgrundverordnung (DSGVO), ist:<\/p>\n\n\n\n<p class=\"has-cyan-bluish-gray-color has-text-color has-link-color wp-elements-be189f24c3d0104ebfa8eefd49ccff13\">Larsen Genovese<br>Statthalterstrasse 26A<br>3018 Bern<\/p>\n\n\n\n<p class=\"has-cyan-bluish-gray-color has-text-color has-link-color wp-elements-f8f67c96babc5d81df23dded3bb8b516\">larsengenovese@gmail.com<\/p>\n\n\n\n<p class=\"has-cyan-bluish-gray-color has-text-color has-link-color wp-elements-ee1bb774ce838a4862e1cf371f99f6aa\"><strong>Allgemeiner Hinweis<\/strong><\/p>\n\n\n\n<p class=\"has-cyan-bluish-gray-color has-text-color has-link-color wp-elements-ad329e742155eabf5ac8dc451119df43\">Gest\u00fctzt auf Artikel 13 der schweizerischen Bundesverfassung und den datenschutzrechtlichen Bestimmungen des Bundes (Datenschutzgesetz, DSG) hat jede Person Anspruch auf Schutz ihrer Privatsph\u00e4re sowie auf Schutz vor Missbrauch ihrer pers\u00f6nlichen Daten. Die Betreiber dieser Seiten nehmen den Schutz Ihrer pers\u00f6nlichen Daten sehr ernst. Wir behandeln Ihre personenbezogenen Daten vertraulich und entsprechend der gesetzlichen Datenschutzvorschriften sowie dieser Datenschutzerkl\u00e4rung.<\/p>\n\n\n\n<p class=\"has-cyan-bluish-gray-color has-text-color has-link-color wp-elements-41a185a03f2c6786c15fe865a51dbe1a\">In Zusammenarbeit mit unseren Hosting-Providern bem\u00fchen wir uns, die Datenbanken so gut wie m\u00f6glich vor fremden Zugriffen, Verlusten, Missbrauch oder vor F\u00e4lschung zu sch\u00fctzen.<\/p>\n\n\n\n<p class=\"has-cyan-bluish-gray-color has-text-color has-link-color wp-elements-9e568c89500c097825934974775827fe\">Wir weisen darauf hin, dass die Daten\u00fcbertragung im Internet (z.B. bei der Kommunikation per E-Mail) Sicherheitsl\u00fccken aufweisen kann. Ein l\u00fcckenloser Schutz der Daten vor dem Zugriff durch Dritte ist nicht m\u00f6glich.<\/p>\n\n\n\n<p class=\"has-cyan-bluish-gray-color has-text-color has-link-color wp-elements-38f71a3d030b8843507a3e476a2c2594\">Durch die Nutzung dieser Website erkl\u00e4ren Sie sich mit der Erhebung, Verarbeitung und Nutzung von Daten gem\u00e4ss der nachfolgenden Beschreibung einverstanden. Diese Website kann grunds\u00e4tzlich ohne Registrierung besucht werden. Dabei werden Daten wie beispielsweise aufgerufene Seiten bzw. Namen der abgerufenen Datei, Datum und Uhrzeit zu statistischen Zwecken auf dem Server gespeichert, ohne dass diese Daten unmittelbar auf Ihre Person bezogen werden. Personenbezogene Daten, insbesondere Name, Adresse oder E-Mail-Adresse werden soweit m\u00f6glich auf freiwilliger Basis erhoben. Ohne Ihre Einwilligung erfolgt keine Weitergabe der Daten an Dritte.<\/p>\n\n\n\n<p class=\"has-cyan-bluish-gray-color has-text-color has-link-color wp-elements-7ef7e3f231aa34c79cae8089e3bd8aaf\"><strong>Bearbeitung von Personendaten<\/strong><\/p>\n\n\n\n<p class=\"has-cyan-bluish-gray-color has-text-color has-link-color wp-elements-42226cae92277012382c0c486bca73b9\">Personendaten sind alle Angaben, die sich auf eine bestimmte oder bestimmbare Person beziehen. Eine betroffene Person ist eine Person, \u00fcber die Personendaten bearbeitet werden. Bearbeiten umfasst jeden Umgang mit Personendaten, unabh\u00e4ngig von den angewandten Mitteln und Verfahren, insbesondere das Aufbewahren, Bekanntgeben, Beschaffen, L\u00f6schen, Speichern, Ver\u00e4ndern, Vernichten und Verwenden von Personendaten.<\/p>\n\n\n\n<p class=\"has-cyan-bluish-gray-color has-text-color has-link-color wp-elements-f04219ec00404a3c75c0e4eb0737c532\">Wir bearbeiten Personendaten im Einklang mit dem schweizerischen Datenschutzrecht. Im \u00dcbrigen bearbeiten wir \u2013 soweit und sofern die EU-DSGVO anwendbar ist \u2013 Personendaten gem\u00e4ss folgenden Rechtsgrundlagen im Zusammenhang mit Art. 6 Abs. 1 DSGVO:<\/p>\n\n\n\n<ul class=\"wp-block-list\">\n<li class=\"has-cyan-bluish-gray-color has-text-color has-link-color wp-elements-8f6ef5d26dd539dfcec6bba46670a12e\">Einwilligung (Art. 6 Abs. 1 S. 1 lit. a. DSGVO) \u2013 Die betroffene Person hat ihre Einwilligung in die Verarbeitung der sie betreffenden personenbezogenen Daten f\u00fcr einen spezifischen Zweck oder mehrere bestimmte Zwecke gegeben.<\/li>\n\n\n\n<li class=\"has-cyan-bluish-gray-color has-text-color has-link-color wp-elements-9cfed9791bbd180278f6b5d78c873dee\">Vertragserf\u00fcllung und vorvertragliche Anfragen (Art. 6 Abs. 1 S. 1 lit. b. DSGVO) \u2013 Die Verarbeitung ist f\u00fcr die Erf\u00fcllung eines Vertrags, dessen Vertragspartei die betroffene Person ist, oder zur Durchf\u00fchrung vorvertraglicher Massnahmen erforderlich, die auf Anfrage der betroffenen Person erfolgen.<\/li>\n\n\n\n<li class=\"has-cyan-bluish-gray-color has-text-color has-link-color wp-elements-117f92ea9af7940c8bdfe329fbfa408a\">Rechtliche Verpflichtung (Art. 6 Abs. 1 S. 1 lit. c. DSGVO) \u2013 Die Verarbeitung ist zur Erf\u00fcllung einer rechtlichen Verpflichtung erforderlich, der der Verantwortliche unterliegt.<\/li>\n\n\n\n<li class=\"has-cyan-bluish-gray-color has-text-color has-link-color wp-elements-e23294a1f8d32a4b565f83f370c28022\">Schutz lebenswichtiger Interessen (Art. 6 Abs. 1 S. 1 lit. d. DSGVO) \u2013 Die Verarbeitung ist erforderlich, um lebenswichtige Interessen der betroffenen Person oder einer anderen nat\u00fcrlichen Person zu sch\u00fctzen.<\/li>\n\n\n\n<li class=\"has-cyan-bluish-gray-color has-text-color has-link-color wp-elements-36adfe0b9e00f9584f0a30b65190252a\">Berechtigte Interessen (Art. 6 Abs. 1 S. 1 lit. f. DSGVO) \u2013 Die Verarbeitung ist zur Wahrung der berechtigten Interessen des Verantwortlichen oder eines Dritten erforderlich, sofern nicht die Interessen oder Grundrechte und Grundfreiheiten der betroffenen Person, die den Schutz personenbezogener Daten erfordern, \u00fcberwiegen.<\/li>\n<\/ul>\n\n\n\n<p class=\"has-cyan-bluish-gray-color has-text-color has-link-color wp-elements-837973cb850995fe54b961e69fe6f854\">Wir bearbeiten Personendaten f\u00fcr jene Dauer, die f\u00fcr den jeweiligen Zweck oder die jeweiligen Zwecke erforderlich ist. Bei l\u00e4nger dauernden Aufbewahrungspflichten aufgrund von gesetzlichen und sonstigen Pflichten, denen wir unterliegen, schr\u00e4nken wir die Bearbeitung entsprechend ein.<\/p>\n\n\n\n<p class=\"has-cyan-bluish-gray-color has-text-color has-link-color wp-elements-7ab50da7156df94832fde7da919030e0\"><strong>Massgebliche Rechtsgrundlagen<\/strong><\/p>\n\n\n\n<p class=\"has-cyan-bluish-gray-color has-text-color has-link-color wp-elements-2fdfacbcef7fd3e18da519c6f1a946b2\">Nach Massgabe des Art. 13 DSGVO teilen wir Ihnen die Rechtsgrundlagen unserer Datenverarbeitungen mit. Sofern die Rechtsgrundlage in der Datenschutzerkl\u00e4rung nicht genannt wird, gilt Folgendes: Die Rechtsgrundlage f\u00fcr die Einholung von Einwilligungen ist Art. 6 Abs. 1 lit. a und Art. 7 DSGVO, die Rechtsgrundlage f\u00fcr die Verarbeitung zur Erf\u00fcllung unserer Leistungen und Durchf\u00fchrung vertraglicher Massnahmen sowie Beantwortung von Anfragen ist Art. 6 Abs. 1 lit. b DSGVO, die Rechtsgrundlage f\u00fcr die Verarbeitung zur Erf\u00fcllung unserer rechtlichen Verpflichtungen ist Art. 6 Abs. 1 lit. c<\/p>\n\n\n\n<p class=\"has-cyan-bluish-gray-color has-text-color has-link-color wp-elements-5b9684d3ce2483f74d8810aee1b34c18\">DSGVO, und die Rechtsgrundlage f\u00fcr die Verarbeitung zur Wahrung unserer berechtigten Interessen ist Art. 6 Abs. 1 lit. f DSGVO. F\u00fcr den Fall, dass lebenswichtige Interessen der betroffenen Person oder einer anderen nat\u00fcrlichen Person eine Verarbeitung personenbezogener Daten erforderlich machen, dient Art. 6 Abs. 1 lit. d DSGVO als Rechtsgrundlage.<\/p>\n\n\n\n<p class=\"has-cyan-bluish-gray-color has-text-color has-link-color wp-elements-4b28c284877e9b20e7c23de191947a1e\"><strong>Sicherheitsmassnahmen<\/strong><\/p>\n\n\n\n<p class=\"has-cyan-bluish-gray-color has-text-color has-link-color wp-elements-3c0da0d8cfe8fad6ca1896eb8acf2e21\">Wir treffen nach Massgabe der gesetzlichen Vorgaben unter Ber\u00fccksichtigung des Stands der Technik, der Implementierungskosten und der Art, des Umfangs, der Umst\u00e4nde und der Zwecke der Verarbeitung sowie der unterschiedlichen Eintrittswahrscheinlichkeiten und des Ausmasses der Bedrohung der Rechte und Freiheiten nat\u00fcrlicher Personen geeignete technische und organisatorische Massnahmen, um ein dem Risiko angemessenes Schutzniveau zu gew\u00e4hrleisten.<\/p>\n\n\n\n<p class=\"has-cyan-bluish-gray-color has-text-color has-link-color wp-elements-5fda1c37a724643dba68cbf33a9ffe12\">Zu den Massnahmen geh\u00f6ren insbesondere die Sicherung der Vertraulichkeit, Integrit\u00e4t und Verf\u00fcgbarkeit von Daten durch Kontrolle des physischen und elektronischen Zugangs zu den Daten als auch des sie betreffenden Zugriffs, der Eingabe, der Weitergabe, der Sicherung der Verf\u00fcgbarkeit und ihrer Trennung. Des Weiteren haben wir Verfahren eingerichtet, die eine Wahrnehmung von Betroffenenrechten, die L\u00f6schung von Daten und Reaktionen auf die Gef\u00e4hrdung der Daten gew\u00e4hrleisten. Ferner ber\u00fccksichtigen wir den Schutz personenbezogener Daten bereits bei der Entwicklung bzw. Auswahl von Hardware, Software sowie Verfahren entsprechend dem Prinzip des Datenschutzes, durch Technikgestaltung und durch datenschutzfreundliche Voreinstellungen.<\/p>\n\n\n\n<p class=\"has-cyan-bluish-gray-color has-text-color has-link-color wp-elements-df2390116a31cbee5e9922d679867315\"><strong>\u00dcbermittlung von personenbezogenen Daten<\/strong><\/p>\n\n\n\n<p class=\"has-cyan-bluish-gray-color has-text-color has-link-color wp-elements-5d486739fcf462cf931cc494711b4fa6\">Im Rahmen unserer Verarbeitung von personenbezogenen Daten kommt es vor, dass die Daten an andere Stellen, Unternehmen, rechtlich selbstst\u00e4ndige Organisationseinheiten oder Personen \u00fcbermittelt oder sie ihnen gegen\u00fcber offengelegt werden. Zu den Empf\u00e4ngern dieser Daten k\u00f6nnen z.B. mit IT-Aufgaben beauftragte Dienstleister oder Anbieter von Diensten und Inhalten, die in eine Webseite eingebunden werden, geh\u00f6ren. In solchen Fall beachten wir die gesetzlichen Vorgaben und schliessen insbesondere entsprechende Vertr\u00e4ge bzw. Vereinbarungen, die dem Schutz Ihrer Daten dienen, mit den Empf\u00e4ngern Ihrer Daten ab.<\/p>\n\n\n\n<p class=\"has-cyan-bluish-gray-color has-text-color has-link-color wp-elements-3b02ee88ea1393646729c351f1bed1ff\"><strong>Datenverarbeitung in Drittl\u00e4ndern<\/strong><\/p>\n\n\n\n<p class=\"has-cyan-bluish-gray-color has-text-color has-link-color wp-elements-3d4f728389ceda8595c155fdb488275b\">Sofern wir Daten in einem Drittland (d.h., ausserhalb der Europ\u00e4ischen Union (EU), des Europ\u00e4ischen Wirtschaftsraums (EWR)) verarbeiten oder die Verarbeitung im Rahmen der Inanspruchnahme von Diensten Dritter oder der Offenlegung bzw. \u00dcbermittlung von Daten an andere Personen, Stellen oder Unternehmen stattfindet, erfolgt dies nur im Einklang mit den gesetzlichen Vorgaben.<\/p>\n\n\n\n<p class=\"has-cyan-bluish-gray-color has-text-color has-link-color wp-elements-0489ff78d8aeaf3b19f002465c87dc21\">Vorbehaltlich ausdr\u00fccklicher Einwilligung oder vertraglich oder gesetzlich erforderlicher \u00dcbermittlung, verarbeiten wir die Daten nur in Drittl\u00e4ndern mit einem anerkannten Datenschutzniveau, vertraglicher Verpflichtung durch sogenannte Standardschutzklauseln der EU-Kommission, beim Vorliegen von Zertifizierungen oder verbindlichen internen Datenschutzvorschriften (Art. 44 bis 49 DSGVO, Informationsseite der EU-Kommission: https:\/\/ec.europa.eu\/info\/law\/law-topic\/data-protection\/international-dimension-data- protection_de).<\/p>\n\n\n\n<p class=\"has-cyan-bluish-gray-color has-text-color has-link-color wp-elements-3141ff998564e3b51b6019b404e9f60a\"><strong>Datenschutzerkl\u00e4rung f\u00fcr Cookies<\/strong><\/p>\n\n\n\n<p class=\"has-cyan-bluish-gray-color has-text-color has-link-color wp-elements-25b9c19ce90f026ad16b5cabd914adbe\">Diese Website verwendet Cookies. Cookies sind Textdateien, die Daten von besuchten Websites oder Domains enthalten und von einem Browser auf dem Computer des Benutzers gespeichert werden. Ein Cookie dient in erster Linie dazu, die Informationen \u00fcber einen Benutzer w\u00e4hrend oder nach seinem Besuch innerhalb eines Onlineangebotes zu speichern. Zu den gespeicherten Angaben k\u00f6nnen z.B. die Spracheinstellungen auf einer Webseite, der Loginstatus, ein Warenkorb oder die Stelle, an der ein Video geschaut wurde, geh\u00f6ren. Zu dem Begriff der Cookies z\u00e4hlen wir ferner andere Technologien, die die gleichen Funktionen wie Cookies erf\u00fcllen (z.B. wenn Angaben der Nutzer anhand pseudonymer Onlinekennzeichnungen gespeichert werden, auch als \u00abNutzer-IDs\u00bb bezeichnet)<\/p>\n\n\n\n<p class=\"has-cyan-bluish-gray-color has-text-color has-link-color wp-elements-f7c41d2a8b973dd06b316526819aeefc\">Die folgenden Cookie-Typen und Funktionen werden unterschieden:<\/p>\n\n\n\n<ul class=\"wp-block-list\">\n<li class=\"has-cyan-bluish-gray-color has-text-color has-link-color wp-elements-2f1f1d537e9e237d1315c2a604c9bff0\">Tempor\u00e4re Cookies (auch: Session- oder Sitzungs-Cookies): Tempor\u00e4re Cookies werden sp\u00e4testens gel\u00f6scht, nachdem ein Nutzer ein Online-Angebot verlassen und seinen Browser geschlossen hat.<\/li>\n\n\n\n<li class=\"has-cyan-bluish-gray-color has-text-color has-link-color wp-elements-0d867e68b9f5c5e5ad9bee25aed9b961\">Permanente Cookies: Permanente Cookies bleiben auch nach dem Schliessen des Browsers gespeichert. So kann beispielsweise der Login-Status gespeichert oder bevorzugte Inhalte direkt angezeigt werden, wenn der Nutzer eine Website erneut besucht. Ebenso k\u00f6nnen die Interessen von Nutzern, die zur Reichweitenmessung oder zu Marketingzwecken verwendet werden, in einem solchen Cookie gespeichert werden.<\/li>\n\n\n\n<li class=\"has-cyan-bluish-gray-color has-text-color has-link-color wp-elements-e77c54dcd306795a66e04f6d81aa01a9\">First-Party-Cookies: First-Party-Cookies werden von uns selbst gesetzt.<\/li>\n\n\n\n<li class=\"has-cyan-bluish-gray-color has-text-color has-link-color wp-elements-e66620648ae217fa3b869ee4e6a2b185\">Third-Party-Cookies (auch: Drittanbieter-Cookies): Drittanbieter-Cookies werden haupts\u00e4chlich von Werbetreibenden (sog. Dritten) verwendet, um Benutzerinformationen zu verarbeiten.<\/li>\n\n\n\n<li class=\"has-cyan-bluish-gray-color has-text-color has-link-color wp-elements-eba810969a8fc164d35f047dc51436bd\">Notwendige (auch: essenzielle oder unbedingt erforderliche) Cookies: Cookies k\u00f6nnen zum einen f\u00fcr den Betrieb einer Webseite unbedingt erforderlich sein (z.B. um Logins oder andere Nutzereingaben zu speichern oder aus Gr\u00fcnden der Sicherheit).<\/li>\n\n\n\n<li class=\"has-cyan-bluish-gray-color has-text-color has-link-color wp-elements-a1c928b3730b648e3b61db699f46ce42\">Statistik-, Marketing- und Personalisierung-Cookies: Ferner werden Cookies im Regelfall auch im Rahmen der Reichweitenmessung eingesetzt sowie dann, wenn die Interessen eines Nutzers oder sein Verhalten (z.B. Betrachten bestimmter Inhalte, Nutzen von Funktionen etc.) auf einzelnen Webseiten in einem Nutzerprofil gespeichert werden. Solche Profile dienen dazu, den Nutzern z.B. Inhalte anzuzeigen, die ihren potenziellen Interessen entsprechen. Dieses Verfahren wird auch als \u00abTracking\u00bb, d.h., Nachverfolgung der potenziellen Interessen der Nutzer bezeichnet. Soweit wir Cookies oder \u00abTracking\u00bb-Technologien einsetzen, informieren wir Sie gesondert in unserer Datenschutzerkl\u00e4rung oder im Rahmen der Einholung einer Einwilligung.<\/li>\n<\/ul>\n\n\n\n<div class=\"wp-block-group\"><div class=\"wp-block-group__inner-container is-layout-constrained wp-block-group-is-layout-constrained\">\n<p class=\"has-cyan-bluish-gray-color has-text-color has-link-color wp-elements-d149677677173aedfef885914eeded17\">Hinweise zu Rechtsgrundlagen: Auf welcher Rechtsgrundlage wir Ihre personenbezogenen Daten mithilfe von Cookies verarbeiten, h\u00e4ngt davon ab, ob wir Sie um eine Einwilligung bitten. Falls dies zutrifft und Sie in die Nutzung von Cookies einwilligen, ist die Rechtsgrundlage der Verarbeitung Ihrer Daten die erkl\u00e4rte Einwilligung. Andernfalls werden die mithilfe von Cookies verarbeiteten Daten auf Grundlage unserer berechtigten Interessen (z.B. an einem betriebswirtschaftlichen Betrieb unseres Onlineangebotes und dessen Verbesserung) verarbeitet oder, wenn der Einsatz von Cookies erforderlich ist, um unsere vertraglichen Verpflichtungen zu erf\u00fcllen.<\/p>\n\n\n\n<p class=\"has-cyan-bluish-gray-color has-text-color has-link-color wp-elements-645b75937393ee02672b06116363173c\">Speicherdauer: Sofern wir Ihnen keine expliziten Angaben zur Speicherdauer von permanenten Cookies mitteilen (z. B. im Rahmen eines sog. Cookie-Opt-Ins), gehen Sie bitte davon aus, dass die Speicherdauer bis zu zwei Jahre betragen kann.<\/p>\n\n\n\n<p class=\"has-cyan-bluish-gray-color has-text-color has-link-color wp-elements-38df4b16848a873570230f25e68f43d1\">Allgemeine Hinweise zum Widerruf und Widerspruch (Opt-Out): Abh\u00e4ngig davon, ob die Verarbeitung auf Grundlage einer Einwilligung oder gesetzlichen Erlaubnis erfolgt, haben Sie jederzeit die M\u00f6glichkeit, eine erteilte Einwilligung zu widerrufen oder der Verarbeitung Ihrer Daten durch Cookie-Technologien zu widersprechen (zusammenfassend als \u00abOpt- Out\u00bb bezeichnet). Sie k\u00f6nnen Ihren Widerspruch zun\u00e4chst mittels der Einstellungen Ihres Browsers erkl\u00e4ren, z.B., indem Sie die Nutzung von Cookies deaktivieren (wobei hierdurch auch die Funktionsf\u00e4higkeit unseres Onlineangebotes eingeschr\u00e4nkt werden kann). Ein Widerspruch gegen den Einsatz von Cookies zu Zwecken des Onlinemarketings kann auch mittels einer Vielzahl von Diensten, vor allem im Fall des Trackings, \u00fcber die Webseiten https:\/\/optout.aboutads.info und https:\/\/www.youronlinechoices.com\/ erkl\u00e4rt werden. Daneben k\u00f6nnen Sie weitere Widerspruchshinweise im Rahmen der Angaben zu den eingesetzten Dienstleistern und Cookies erhalten.<\/p>\n\n\n\n<p class=\"has-cyan-bluish-gray-color has-text-color has-link-color wp-elements-11ec4f05a81295a833ae36d757db70dc\">Verarbeitung von Cookie-Daten auf Grundlage einer Einwilligung: Wir setzen ein Verfahren zum Cookie-Einwilligungs-Management ein, in dessen Rahmen die Einwilligungen der Nutzer in den Einsatz von Cookies, bzw. der im Rahmen des Cookie- Einwilligungs-Management-Verfahrens genannten Verarbeitungen und Anbieter eingeholt sowie von den Nutzern verwaltet und widerrufen werden k\u00f6nnen. Hierbei wird die Einwilligungserkl\u00e4rung gespeichert, um deren Abfrage nicht erneut wiederholen zu m\u00fcssen und die Einwilligung entsprechend der gesetzlichen Verpflichtung nachweisen zu k\u00f6nnen. Die Speicherung kann serverseitig und\/oder in einem Cookie (sogenanntes Opt- In-Cookie, bzw. mithilfe vergleichbarer Technologien) erfolgen, um die Einwilligung einem Nutzer, bzw. dessen Ger\u00e4t zuordnen zu k\u00f6nnen. Vorbehaltlich individueller Angaben zu den Anbietern von Cookie-Management-Diensten gelten die folgenden Hinweise: Die Dauer der Speicherung der Einwilligung kann bis zu zwei Jahren betragen. Hierbei wird ein pseudonymer Nutzer-Identifikator gebildet und mit dem Zeitpunkt der Einwilligung, Angaben zur Reichweite der Einwilligung (z. B. welche Kategorien von Cookies und\/oder Diensteanbieter) sowie dem Browser, System und verwendeten Endger\u00e4t gespeichert.<\/p>\n\n\n\n<ul class=\"wp-block-list\">\n<li class=\"has-cyan-bluish-gray-color has-text-color has-link-color wp-elements-1814599f161bfcddaaf003426349a89d\">Verarbeitete Datenarten: Nutzungsdaten (z.B. besuchte Webseiten, Interesse an Inhalten, Zugriffszeiten), Meta-\/Kommunikationsdaten (z.B. Ger\u00e4te-Informationen, IP-Adressen).<\/li>\n\n\n\n<li class=\"has-cyan-bluish-gray-color has-text-color has-link-color wp-elements-8f4fe409274c7489c5d68050adbf39c2\">Betroffene Personen: Nutzer (z.B. Webseitenbesucher, Nutzer von Onlinediensten).<\/li>\n<\/ul>\n\n\n\n<p class=\"has-cyan-bluish-gray-color has-text-color has-link-color wp-elements-cbb5c6460335c45bf1c6bfcddc87779d\">Rechtsgrundlagen: Einwilligung (Art. 6 Abs. 1 S. 1 lit. a. DSGVO), Berechtigte Interessen (Art. 6 Abs. 1 S. 1 lit. f. DSGVO).<\/p>\n\n\n\n<p class=\"has-cyan-bluish-gray-color has-text-color has-link-color wp-elements-f3dd053de438ce53b4fd869d00806c3e\"><strong>Datenschutzerkl\u00e4rung f\u00fcr SSL-\/TLS-Verschl\u00fcsselung<\/strong><\/p>\n\n\n\n<p class=\"has-cyan-bluish-gray-color has-text-color has-link-color wp-elements-bbed54eb0992785b85572464f343a2a1\">Diese Website nutzt aus Gr\u00fcnden der Sicherheit und zum Schutz der \u00dcbertragung vertraulicher Inhalte, wie zum Beispiel der Anfragen, die Sie an uns als Seitenbetreiber senden, eine SSL-\/TLS-Verschl\u00fcsselung. Eine verschl\u00fcsselte Verbindung erkennen Sie daran, dass die Adresszeile des Browsers von \u00abhttp:\/\/\u00bb auf \u00abhttps:\/\/\u00bb wechselt und an dem Schloss-Symbol in Ihrer Browserzeile.<\/p>\n\n\n\n<p class=\"has-cyan-bluish-gray-color has-text-color has-link-color wp-elements-dcb77f7fc605d439d36fdf9d8ec37ec0\">Wenn die SSL bzw. TLS Verschl\u00fcsselung aktiviert ist, k\u00f6nnen die Daten, die Sie an uns \u00fcbermitteln, nicht von Dritten mitgelesen werden.<\/p>\n\n\n\n<p class=\"has-cyan-bluish-gray-color has-text-color has-link-color wp-elements-f9ee1a6337cc3f97a39eccc54c94e0a0\"><strong>Datenschutzerkl\u00e4rung f\u00fcr Server-Log-Files<\/strong><\/p>\n\n\n\n<p class=\"has-cyan-bluish-gray-color has-text-color has-link-color wp-elements-40ef8ebdb0eaa868105179b81c941ee0\">Der Provider dieser Website erhebt und speichert automatisch Informationen in so genannten Server-Log Files, die Ihr Browser automatisch an uns \u00fcbermittelt.<br>Dies sind:<\/p>\n\n\n\n<ul class=\"wp-block-list\">\n<li class=\"has-cyan-bluish-gray-color has-text-color has-link-color wp-elements-b01185876035fa0b1f9bd6e70ab228d2\">Browsertyp und Browserversion<\/li>\n\n\n\n<li class=\"has-cyan-bluish-gray-color has-text-color has-link-color wp-elements-f4ef8ec10b0df57c87ba02ac635a2037\">verwendetes Betriebssystem<\/li>\n\n\n\n<li class=\"has-cyan-bluish-gray-color has-text-color has-link-color wp-elements-7afed4c13870c6f14c006d2d6d9e8e56\">Referrer URL<\/li>\n\n\n\n<li class=\"has-cyan-bluish-gray-color has-text-color has-link-color wp-elements-558ec0068787c9e7b4cda3b2ff61ac73\">Hostname des zugreifenden Rechners<\/li>\n\n\n\n<li class=\"has-cyan-bluish-gray-color has-text-color has-link-color wp-elements-f5304a0027a8849d162f11f3351ba262\">Uhrzeit der Serveranfrage<\/li>\n<\/ul>\n\n\n\n<p class=\"has-cyan-bluish-gray-color has-text-color has-link-color wp-elements-73ef03e2835969ae7ca1487967655c82\">Diese Daten sind nicht bestimmten Personen zuordenbar. Eine Zusammenf\u00fchrung dieser Daten mit anderen Datenquellen wird nicht vorgenommen. Wir behalten uns vor, diese Daten nachtr\u00e4glich zupr\u00fcfen, wenn uns konkrete Anhaltspunkte f\u00fcr eine rechtswidrige Nutzung bekannt werden.<\/p>\n\n\n\n<p class=\"has-cyan-bluish-gray-color has-text-color has-link-color wp-elements-2cfddc95abfb8731049350fd4a6e516b\"><strong>Datenschutzerkl\u00e4rung f\u00fcr Kontaktformular<\/strong><\/p>\n\n\n\n<p class=\"has-cyan-bluish-gray-color has-text-color has-link-color wp-elements-7355ecb0bdd820d10d155d21f0ab5dcc\">Wenn Sie uns per Kontaktformular Anfragen zukommen lassen, werden Ihre Angaben aus dem Anfrageformular inklusive der von Ihnen dort angegebenen Kontaktdaten zwecks Bearbeitung der Anfrage und f\u00fcr den Fall von Anschlussfragen bei uns gespeichert. Diese Daten geben wir nicht ohne Ihre Einwilligung weiter.<\/p>\n\n\n\n<p class=\"has-cyan-bluish-gray-color has-text-color has-link-color wp-elements-de9deb4ff90c12afcaf9b46ccc832cd5\"><strong>Datenschutzerkl\u00e4rung f\u00fcr Newsletter<\/strong><\/p>\n\n\n\n<p class=\"has-cyan-bluish-gray-color has-text-color has-link-color wp-elements-01fddcff7b1934e2e305aa3224be5bb7\">Wir verwenden f\u00fcr den Versand unseres Newsletters \u201eThe Newsletter Plugin\u201c von Stefano Lissa. Dies erm\u00f6glicht uns, mit Abonnenten direkt in Kontakt zu treten. Zus\u00e4tzlich analysieren wir Ihr Nutzungsverhalten, um unser Angebot zu optimieren. Daf\u00fcr verarbeiten wir folgende personenbezogene Daten f\u00fcr den Versand des Newsletters weiter: E-Mail-Adresse \/ Name<\/p>\n\n\n\n<p class=\"has-cyan-bluish-gray-color has-text-color has-link-color wp-elements-fa69a3b398d72ee2c10db8d8118f3909\">Unsere E-Mail-Aussendungen beinhalten einen Link, mit dem Sie Ihre personenbezogenen Daten aktualisieren k\u00f6nnen.<\/p>\n\n\n\n<p class=\"has-cyan-bluish-gray-color has-text-color has-link-color wp-elements-46c6e187ef5971eb420093be74f93b8a\">The Newsletter Plugin ist Empf\u00e4nger Ihrer personenbezogenen Daten und als Auftragsverarbeiter f\u00fcr uns t\u00e4tig, soweit es um den Versand unseres Newsletters geht. Die Verarbeitung der unter diesem Abschnitt angegebenen Daten ist weder gesetzlich noch vertraglich vorgeschrieben. Ohne Ihre Einwilligung und die \u00dcbermittlung Ihrer personenbezogenen Daten, k\u00f6nnen wir keinen Newsletter an Sie aussenden.<\/p>\n\n\n\n<p class=\"has-cyan-bluish-gray-color has-text-color has-link-color wp-elements-b03819afd435853c5de2adf7681f0c6c\">Zus\u00e4tzlich werden von The Newsletter Plugin folgende personenbezogene Daten mit Hilfe von Cookies und anderen Tracking-Methoden gesammelt: Informationen \u00fcber Ihr Endger\u00e4t (IP-Adresse, Ger\u00e4teinformationen, Betriebssystem, Browser-ID, Informationen \u00fcber die Anwendung mit der Sie Ihre E-Mails lesen und weitere Informationen \u00fcber Hardware und Internetverbindung. Dar\u00fcber hinaus werden Nutzungsdaten gesammelt wie Datum und Uhrzeit, wann Sie die E-Mail \/ Kampagne ge\u00f6ffnet haben und Browseraktivit\u00e4ten (z.B. welche E-Mails \/ Webseiten ge\u00f6ffnet wurden). The Newsletter Plugin ben\u00f6tigt diese Daten, um die Sicherheit und Zuverl\u00e4ssigkeit der Systeme, die Einhaltung der Nutzungsbedingungen und die Vermeidung von Missbrauch zu gew\u00e4hrleisten. Dies entspricht dem berechtigten Interesse The Newsletter Plugin (gem. Art. 6 Abs. 1 lit. f DSGVO) und dient der Vertragsdurchf\u00fchrung (gem. Art. 6 Abs. 1 lit. b DSGVO). Weiter werden von The Newsletter Plugin Leistungsdaten ausgewertet, wie die Auslieferungsstatistik von E-Mails und weitere Kommunikationsdaten. Diese Informationen werden verwendet, um Nutzungs- und Leistungsstatistiken der Dienste zu erstellen.<\/p>\n\n\n\n<p class=\"has-cyan-bluish-gray-color has-text-color has-link-color wp-elements-53102b55c6478ea5de8e69a85b61c869\">The Newsletter Plugin sammelt zus\u00e4tzlich Informationen aus anderen Quellen \u00fcber Sie. In einem nicht n\u00e4her bestimmten Zeitraum und Umfang, werden personenbezogene Daten \u00fcber soziale Medien und weiteren Drittanbietern von Daten gesammelt. Wir haben auf diesen Prozess keinen Einfluss. Weitere Informationen zu Widerspruchs- und Beseitigungsm\u00f6glichkeiten gegen\u00fcber The Newsletter Plugin finden Sie unter: https:\/\/www.thenewsletterplugin.com.<\/p>\n\n\n\n<p class=\"has-cyan-bluish-gray-color has-text-color has-link-color wp-elements-82d8bdc61a2b4da2ce49256a1882f600\">Rechtsgrundlage f\u00fcr diese Verarbeitungen ist Ihre Einwilligung gem\u00e4\u00df Art. 6 Abs. 1 lit. a DSGVO. Die Einwilligung zur Verarbeitung Ihrer personenbezogenen Daten k\u00f6nnen Sie jederzeit widerrufen. In allen Aussendungen findet sich ein entsprechender Link. Au\u00dferdem kann der Widerruf \u00fcber die angegebenen Kontaktm\u00f6glichkeiten erfolgen. Durch Erkl\u00e4rung des Widerrufs, wird die Rechtm\u00e4\u00dfigkeit, der bisher erfolgten Verarbeitung nicht ber\u00fchrt. Ihre Daten werden solange verarbeitet, wie eine entsprechende Einwilligung vorliegt. Abgesehen davon, werden diese nach Beendigung des Vertrages zwischen uns und The Newsletter Plugin gel\u00f6scht, es sei denn, dass gesetzliche Vorgaben eine weitere Speicherung erforderlich machen.<\/p>\n\n\n\n<p class=\"has-cyan-bluish-gray-color has-text-color has-link-color wp-elements-2e20ceac723b825fc0c71334c74104fd\">The Newsletter Plugin hat Compliance-Ma\u00dfnahmen f\u00fcr internationale Daten\u00fcbermittlungen umgesetzt. Diese gelten f\u00fcr alle weltweiten Aktivit\u00e4ten, bei denen Stripe personenbezogene Daten von nat\u00fcrlichen Personen in der EU verarbeitet. Diese Ma\u00dfnahmen basieren auf den EU-Standardvertragsklauseln (SCCs). Weitere Informationen finden Sie unter: https:\/\/www.thenewsletterplugin.com<\/p>\n\n\n\n<p class=\"has-cyan-bluish-gray-color has-text-color has-link-color wp-elements-06aac93f675c2d669ae88c744931a674\"><strong>Rechte betroffener Personen<\/strong><\/p>\n\n\n\n<p class=\"has-cyan-bluish-gray-color has-text-color has-link-color wp-elements-86e1da8c0f01bd2b686b73739b5532b3\"><strong>Recht auf Best\u00e4tigung<\/strong><\/p>\n\n\n\n<p class=\"has-cyan-bluish-gray-color has-text-color has-link-color wp-elements-92244065ce25c754eda3c2b9d4d5fac4\">Jede betroffene Person hat das Recht, vom Betreiber der Website eine Best\u00e4tigung dar\u00fcber zu verlangen, ob betroffene Personen betreffende, personenbezogene Daten verarbeitet werden. M\u00f6chten Sie dieses Best\u00e4tigungsrecht in Anspruch nehmen, k\u00f6nnen Sie sich hierzu jederzeit an den Datenschutzbeauftragten wenden.<\/p>\n\n\n\n<p class=\"has-cyan-bluish-gray-color has-text-color has-link-color wp-elements-db74ac30eec91dbf9a1a704fc0246269\"><strong>Recht auf Auskunft<\/strong><\/p>\n\n\n\n<p class=\"has-cyan-bluish-gray-color has-text-color has-link-color wp-elements-a4a9db1c3b646d49be2a86a8bc41775a\">Jede von der Verarbeitung betroffene Person mit personenbezogenen Daten hat das Recht, jederzeit vom Betreiber dieser Website unentgeltliche Auskunft \u00fcber die zu seiner Person gespeicherten personenbezogenen Daten und eine Kopie dieser Auskunft zu erhalten. Ferner kann gegebenenfalls \u00fcber folgende Informationen Auskunft gegeben werden:<\/p>\n\n\n\n<ul class=\"wp-block-list\">\n<li class=\"has-cyan-bluish-gray-color has-text-color has-link-color wp-elements-06d9f4315bca86e71aeb21e4c182ebd6\">die Verarbeitungszwecke<\/li>\n\n\n\n<li class=\"has-cyan-bluish-gray-color has-text-color has-link-color wp-elements-949d58906d6b0393275982a4c5d2aae6\">die Kategorien personenbezogener Daten, die verarbeitet werden<\/li>\n\n\n\n<li class=\"has-cyan-bluish-gray-color has-text-color has-link-color wp-elements-2aaf37a814a387e5fca224cdbe06cc45\">die Empf\u00e4nger, gegen\u00fcber denen die personenbezogenen Daten offengelegt worden sind oder noch offengelegt werden<\/li>\n\n\n\n<li class=\"has-cyan-bluish-gray-color has-text-color has-link-color wp-elements-4a233b93b2d2342bb189a5f2c8ca3111\">falls m\u00f6glich, die geplante Dauer, f\u00fcr die die personenbezogenen Daten gespeichert werden, oder, falls dies nicht m\u00f6glich ist, die Kriterien f\u00fcr die Festlegung dieser Dauer<\/li>\n\n\n\n<li class=\"has-cyan-bluish-gray-color has-text-color has-link-color wp-elements-74cbc14d6111082ffa446dc5b419f8b7\">das Bestehen eines Rechts auf Berichtigung oder L\u00f6schung der sie betreffenden personenbezogenen Daten oder auf Einschr\u00e4nkung der Verarbeitung durch den Verantwortlichen oder eines Widerspruchsrechts gegen diese Verarbeitung<\/li>\n\n\n\n<li class=\"has-cyan-bluish-gray-color has-text-color has-link-color wp-elements-d06b15c4d2fb7ca427ce98986a20d1a9\">das Bestehen eines Beschwerderechts bei einer Aufsichtsbeh\u00f6rde<\/li>\n\n\n\n<li class=\"has-cyan-bluish-gray-color has-text-color has-link-color wp-elements-f0d79f922b02cc1b12e9a582d70bdcd2\">wenn die personenbezogenen Daten nicht bei der betroffenen Person erhoben werden: Alle verf\u00fcgbaren Informationen \u00fcber die Herkunft der Daten<\/li>\n<\/ul>\n\n\n\n<p class=\"has-cyan-bluish-gray-color has-text-color has-link-color wp-elements-bd4f21e5c7ef0aa86b67c07c5c61760e\">Ferner steht der betroffenen Person ein Auskunftsrecht dar\u00fcber zu, ob personenbezogene Daten an ein Drittland oder an eine internationale Organisation \u00fcbermittelt wurden. Sofern dies der Fall ist, so steht der betroffenen Person im \u00fcbrigen das Recht zu, Auskunft \u00fcber die geeigneten Garantien im Zusammenhang mit der \u00fcbermittlung zu erhalten.<\/p>\n\n\n\n<p class=\"has-cyan-bluish-gray-color has-text-color has-link-color wp-elements-f8599485bb04dd1c99b4c58852e19a85\">M\u00f6chten Sie dieses Auskunftsrecht in Anspruch nehmen, k\u00f6nnen Sie sich hierzu jederzeit an unseren Datenschutzbeauftragten wenden.<\/p>\n\n\n\n<p class=\"has-cyan-bluish-gray-color has-text-color has-link-color wp-elements-b12227fcca450ce533cbe71e0f99984c\"><strong>Recht auf Berichtigung<\/strong><\/p>\n\n\n\n<p class=\"has-cyan-bluish-gray-color has-text-color has-link-color wp-elements-d1a8932bae8bcb8c29acb6132173bacc\">Jede von der Verarbeitung personenbezogener Daten betroffene Person hat das Recht, die unverz\u00fcgliche Berichtigung sie betreffender unrichtiger personenbezogener Daten zu verlangen. Ferner steht der betroffenen Person das Recht zu, unter Ber\u00fccksichtigung der Zwecke der Verarbeitung, die Vervollst\u00e4ndigung unvollst\u00e4ndiger personenbezogener Daten \u2013 auch mittels einer erg\u00e4nzenden Erkl\u00e4rung \u2013 zu verlangen.<\/p>\n\n\n\n<p class=\"has-cyan-bluish-gray-color has-text-color has-link-color wp-elements-287d961928d27d95c089a1b598abb779\">M\u00f6chten Sie dieses Berichtigungsrecht in Anspruch nehmen, k\u00f6nnen Sie sich hierzu jederzeit an unseren Datenschutzbeauftragten wenden.<\/p>\n\n\n\n<p class=\"has-cyan-bluish-gray-color has-text-color has-link-color wp-elements-a978ab309a3f3c6624831c05212ee0cd\"><strong>Recht auf L\u00f6schung (Recht auf Vergessen werden)<\/strong><\/p>\n\n\n\n<p class=\"has-cyan-bluish-gray-color has-text-color has-link-color wp-elements-95198d39897fb704865fea92651df764\">Jede von der Verarbeitung personenbezogener Daten betroffene Person hat das Recht, von dem Verantwortlichen dieser Website zu verlangen, dass die sie betreffenden personenbezogenen Daten unverz\u00fcglich gel\u00f6scht werden, sofern einer der folgenden Gr\u00fcnde zutrifft und soweit die Verarbeitung nicht erforderlich ist:<\/p>\n\n\n\n<ul class=\"wp-block-list\">\n<li class=\"has-cyan-bluish-gray-color has-text-color has-link-color wp-elements-2a1ffc810daa87bc931dc25f45d1713b\">Die personenbezogenen Daten wurden f\u00fcr solche Zwecke erhoben oder auf sonstige Weise verarbeitet, f\u00fcr welche sie nicht mehr notwendig sind<\/li>\n\n\n\n<li class=\"has-cyan-bluish-gray-color has-text-color has-link-color wp-elements-6e0c8f8a14a80ed3dd4c1b359c973ecb\">Die betroffene Person widerruft ihre Einwilligung, auf die sich die Verarbeitung st\u00fctzte, und es fehlt an einer anderweitigen Rechtsgrundlage f\u00fcr die Verarbeitung<\/li>\n\n\n\n<li class=\"has-cyan-bluish-gray-color has-text-color has-link-color wp-elements-bf299c83551d8669318178fd04770b67\">Die betroffene Person legt aus Gr\u00fcnden, die sich aus ihrer besonderen Situation ergeben, Widerspruch gegen die Verarbeitung ein und es liegen keine vorrangigen berechtigten Gr\u00fcnde f\u00fcr die Verarbeitung vor, oder die betroffene Person legt im Falle von Direktwerbung und damit verbundenem Profiling Widerspruch gegen die Verarbeitung ein<\/li>\n\n\n\n<li class=\"has-cyan-bluish-gray-color has-text-color has-link-color wp-elements-2954fe4cb33ef5670b167332f7cca9b2\">Die personenbezogenen Daten wurden unrechtm\u00e4ssig verarbeitet<\/li>\n\n\n\n<li class=\"has-cyan-bluish-gray-color has-text-color has-link-color wp-elements-fa3e8a61477fd79019ec95f213bbff9b\">Die L\u00f6schung der personenbezogenen Daten ist zur Erf\u00fcllung einer rechtlichen Verpflichtung nach dem Unionsrecht oder dem Recht der Mitgliedstaaten erforderlich, dem der Verantwortliche unterliegt<\/li>\n\n\n\n<li class=\"has-cyan-bluish-gray-color has-text-color has-link-color wp-elements-d931af3cf66a62b1877abb1bcc61bb98\">Die personenbezogenen Daten wurden in Bezug auf angebotene Dienste der Informationsgesellschaft, die einem Kind direkt gemacht wurden, erhoben<\/li>\n<\/ul>\n\n\n\n<p class=\"has-cyan-bluish-gray-color has-text-color has-link-color wp-elements-edaf88b9728df46841b4e84af40f4a04\">Sofern einer der oben genannten Gr\u00fcnde zutrifft und Sie die L\u00f6schung von personenbezogenen Daten, die beimBetreiber dieser Website gespeichert sind, veranlassen m\u00f6chten, k\u00f6nnen Sie sich hierzu jederzeit an unseren Datenschutzbeauftragten wenden. Der Datenschutzbeauftragte dieser Website wird veranlassen, dass dem L\u00f6schverlangen unverz\u00fcglich nachgekommen wird.<\/p>\n\n\n\n<p class=\"has-cyan-bluish-gray-color has-text-color has-link-color wp-elements-52144a339b0f22750d9dac3a0eaddd99\"><strong>Recht auf Einschr\u00e4nkung der Verarbeitung<\/strong><\/p>\n\n\n\n<p class=\"has-cyan-bluish-gray-color has-text-color has-link-color wp-elements-106c7bb58614058acec13b13b2d27fdf\">Jede von der Verarbeitung personenbezogener Daten betroffene Person hat das Recht, von dem Verantwortlichen dieser Website die Einschr\u00e4nkung der Verarbeitung zu verlangen, wenn eine der folgenden Voraussetzungen gegeben ist:<\/p>\n\n\n\n<ul class=\"wp-block-list\">\n<li class=\"has-cyan-bluish-gray-color has-text-color has-link-color wp-elements-8f8a9353f660d10717f072a4c719919f\">Die Richtigkeit der personenbezogenen Daten wird von der betroffenen Person bestritten, und zwar f\u00fcr eine Dauer, die es dem Verantwortlichen erm\u00f6glicht, die Richtigkeit der personenbezogenen Daten zu \u00fcberpr\u00fcfen<\/li>\n\n\n\n<li class=\"has-cyan-bluish-gray-color has-text-color has-link-color wp-elements-26569d00b8a676f030a2a6ad0034a851\">Die Verarbeitung ist unrechtm\u00e4ssig, die betroffene Person lehnt die L\u00f6schung der personenbezogenen Daten ab und verlangt stattdessen die Einschr\u00e4nkung der Nutzung der personenbezogenen Daten<\/li>\n\n\n\n<li class=\"has-cyan-bluish-gray-color has-text-color has-link-color wp-elements-7a06d09dc2e7fe26d369bfbe6feae3a2\">Der Verantwortliche ben\u00f6tigt die personenbezogenen Daten f\u00fcr die Zwecke der Verarbeitung nicht l\u00e4nger, die betroffene Person ben\u00f6tigt sie jedoch zur Geltendmachung, Aus\u00fcbung oder Verteidigung von Rechtsanspr\u00fcchen<\/li>\n\n\n\n<li class=\"has-cyan-bluish-gray-color has-text-color has-link-color wp-elements-87249c82e2f13ca9269b25750d6b454d\">Die betroffene Person hat aus Gr\u00fcnden, die sich aus ihrer besonderen Situation ergeben, Widerspruch gegen die Verarbeitung eingelegt und es steht noch nicht fest, ob die berechtigten Gr\u00fcnde des Verantwortlichen gegen\u00fcber denen der betroffenen Person \u00fcberwiegen<\/li>\n<\/ul>\n\n\n\n<p class=\"has-cyan-bluish-gray-color has-text-color has-link-color wp-elements-6027ea0f6dadaef692979534bc9b8fca\">Sofern eine der oben genannten Voraussetzungen gegeben ist Sie die Einschr\u00e4nkung von personenbezogenen Daten, die beim Betreiber dieser Website gespeichert sind, verlangen m\u00f6chten, k\u00f6nnen Sie sich hierzu jederzeit an unseren Datenschutzbeauftragten wenden. Der Datenschutzbeauftragte dieser Website wird die Einschr\u00e4nkung der Verarbeitung veranlassen.<\/p>\n\n\n\n<p class=\"has-cyan-bluish-gray-color has-text-color has-link-color wp-elements-9ef44f2605f898f5c426656682afb989\"><strong>Recht auf Daten\u00fcbertragbarkeit<\/strong><\/p>\n\n\n\n<p class=\"has-cyan-bluish-gray-color has-text-color has-link-color wp-elements-91e472f1d727516ac1734da3b1528f04\">Jede von der Verarbeitung personenbezogener Daten betroffene Person hat das Recht, die sie betreffenden personenbezogenen Daten in einem strukturierten, g\u00e4ngigen und maschinenlesbaren Format zu erhalten. Sie hat ausserdem das Recht, dass diese Daten bei Vorliegen der gesetzlichen Voraussetzungen einem anderen Verantwortlichen \u00fcbermittelt werden.<\/p>\n\n\n\n<p class=\"has-cyan-bluish-gray-color has-text-color has-link-color wp-elements-8aae815f860dc9ab55149d3648690212\">Ferner hat die betroffene Person das Recht, zu erwirken, dass die personenbezogenen Daten direkt von einem Verantwortlichen an einen anderen Verantwortlichen \u00fcbermittelt werden, soweit dies technisch machbar ist und sofern hiervon nicht die Rechte und Freiheiten anderer Personen beeintr\u00e4chtigt werden.<\/p>\n\n\n\n<p class=\"has-cyan-bluish-gray-color has-text-color has-link-color wp-elements-efb80fe95b6d820a101135f6825471f9\">Zur Geltendmachung des Rechts auf Daten\u00fcbertragbarkeit k\u00f6nnen Sie sich jederzeit an den vom Betreiber dieser Website bestellten Datenschutzbeauftragten wenden.<\/p>\n\n\n\n<p class=\"has-cyan-bluish-gray-color has-text-color has-link-color wp-elements-34d361285e4d7043eb05219ff4aa4c96\"><strong>Recht auf Widerspruch<\/strong><\/p>\n\n\n\n<p class=\"has-cyan-bluish-gray-color has-text-color has-link-color wp-elements-002df29ee3f7109cba57b6eb1ad85acb\">Jede von der Verarbeitung personenbezogener Daten betroffene Person hat das Recht, aus Gr\u00fcnden, die sich aus ihrer besonderen Situation ergeben, jederzeit gegen die Verarbeitung sie betreffender personenbezogener Daten, Widerspruch einzulegen.<\/p>\n\n\n\n<p class=\"has-cyan-bluish-gray-color has-text-color has-link-color wp-elements-79ef51957e1a5b79d742e608b5437ede\">Der Betreiber dieser Website verarbeitet die personenbezogenen Daten im Falle des Widerspruchs nicht mehr, es sei denn, wir k\u00f6nnen zwingende schutzw\u00fcrdige Gr\u00fcnde f\u00fcr die Verarbeitung nachweisen, die den Interessen, Rechten und Freiheiten der betroffenen Person \u00fcberwiegen, oder wenn die Verarbeitung der Geltendmachung, Aus\u00fcbung oder Verteidigung von Rechtsanspr\u00fcchen dient.<\/p>\n\n\n\n<p class=\"has-cyan-bluish-gray-color has-text-color has-link-color wp-elements-66dd9cbe4c1ba9de6c8518f778dca11d\">Zur Aus\u00fcbung des Rechts auf Widerspruch k\u00f6nnen Sie sich direkt an den Datenschutzbeauftragten dieser Website wenden.<\/p>\n\n\n\n<p class=\"has-cyan-bluish-gray-color has-text-color has-link-color wp-elements-90b4f4bfa0e17b5a72a28351f40ffe48\"><strong>Recht auf Widerruf einer datenschutzrechtlichen Einwilligung<\/strong><\/p>\n\n\n\n<p class=\"has-cyan-bluish-gray-color has-text-color has-link-color wp-elements-1cff5b5a4728fe5b4aa26758dc8881ff\">Jede von der Verarbeitung personenbezogener Daten betroffene Person hat das Recht, eine abgegebene Einwilligung zur Verarbeitung personenbezogener Daten jederzeit zu widerrufen.<\/p>\n\n\n\n<p class=\"has-cyan-bluish-gray-color has-text-color has-link-color wp-elements-73997826431fc9c14273482ece1750c0\">M\u00f6chten Sie Ihr Recht auf Widerruf einer Einwilligung geltend machen, k\u00f6nnen Sie sich hierzu jederzeit an unseren Datenschutzbeauftragten wenden.<\/p>\n\n\n\n<p class=\"has-cyan-bluish-gray-color has-text-color has-link-color wp-elements-be3a49a74cf7423fa5a218fc3449fe76\"><strong>Datenschutzerkl\u00e4rung f\u00fcr Widerspruch Werbe-Mails<\/strong><\/p>\n\n\n\n<p class=\"has-cyan-bluish-gray-color has-text-color has-link-color wp-elements-4906870d9c7e38904e893057417c0daf\">Der Nutzung von im Rahmen der Impressumspflicht ver\u00f6ffentlichten Kontaktdaten zur \u00dcbersendung von nicht ausdr\u00fccklich angeforderter Werbung und Informationsmaterialien wird hiermit widersprochen. Die Betreiber der Seiten behalten sich ausdr\u00fccklich rechtliche Schritte im Falle der unverlangten Zusendung von Werbeinformationen, etwa durch Spam- E-Mails, vor.<\/p>\n\n\n\n<p class=\"has-cyan-bluish-gray-color has-text-color has-link-color wp-elements-49a6c185b8ee8cbc6ce056215089e373\"><strong>Kostenpflichtige Leistungen<\/strong><\/p>\n\n\n\n<p class=\"has-cyan-bluish-gray-color has-text-color has-link-color wp-elements-6cb031fe89875f8aea9f300cd00c6531\">Zur Erbringung kostenpflichtiger Leistungen werden von uns zus\u00e4tzliche Daten erfragt, wie z.B. Zahlungsangaben, um Ihre Bestellung resp. Ihren Auftrag ausf\u00fchren zu k\u00f6nnen. Wir speichern diese Daten in unseren Systemen, bis die gesetzlichen Aufbewahrungsfristen abgelaufen sind<\/p>\n\n\n\n<p class=\"has-cyan-bluish-gray-color has-text-color has-link-color wp-elements-2519a1e1e4fc0487b1727ff059bffc55\"><strong>Datenschutzerkl\u00e4rung f\u00fcr YouTube<\/strong><\/p>\n\n\n\n<p class=\"has-cyan-bluish-gray-color has-text-color has-link-color wp-elements-783d3bcdfa785905515c4798e5a2c28c\">Auf dieser Website sind Funktionen des Dienstes \u00abYouTube\u00bb eingebunden. \u00abYouTube\u00bb geh\u00f6rt der Google Ireland Limited, einer nach irischem Recht eingetragenen und betriebenen Gesellschaft mit Sitz in Gordon House, Barrow Street, Dublin 4, Irland, welche die Dienste im Europ\u00e4ischen Wirtschaftsraum und der Schweiz betreibt.<\/p>\n\n\n\n<p class=\"has-cyan-bluish-gray-color has-text-color has-link-color wp-elements-b85eb9d88dade0ba3e53dca72bbae68a\">Ihre rechtliche Vereinbarung mit \u00abYouTube\u00bb besteht aus den unter folgendem Link zu entnehmenden Bestimmungen und Bedingungen: https:\/\/www.youtube.com\/static? gl=de&amp;template=terms&amp;hl=de. Diese Bestimmungen bilden eine rechtlich bindende Vereinbarung zwischen Ihnen und \u00abYouTube\u00bb bez\u00fcglich der Nutzung der Dienste. In der Datenschutzerkl\u00e4rung von Google wird erl\u00e4utert, wie \u00abYouTube\u00bb mit Ihren personenbezogenen Daten verf\u00e4hrt und Ihre Daten sch\u00fctzt, wenn Sie den Dienst nutzen.<\/p>\n\n\n\n<p class=\"has-cyan-bluish-gray-color has-text-color has-link-color wp-elements-380aaec14983907df068b0156fc3daa8\"><strong>Datenschutzerkl\u00e4rung f\u00fcr Vimeo<\/strong><\/p>\n\n\n\n<p class=\"has-cyan-bluish-gray-color has-text-color has-link-color wp-elements-72126cf8deb445c7cd6dd93fbda48d99\">Auf dieser Website sind Plugins des Videoportals Vimeo der Vimeo, LLC, 555 West 18th Street, New York, New York 10011, USA eingebunden. Bei jedem Aufruf einer Seite, die ein oder mehrere Vimeo-Videoclips anbietet, wird eine direkte Verbindung zwischen Ihrem Browser und einem Server von Vimeo in den USA hergestellt. Dabei werden Informationen \u00fcber Ihren Besuch und Ihre IP-Adresse dort gespeichert. Durch Interaktionen mit den Vimeo Plugins (z.B. Klicken des Start-Buttons) werden diese Informationen ebenfalls an Vimeo \u00fcbermittelt und dort gespeichert. Die Datenschutzerkl\u00e4rung f\u00fcr Vimeo mit n\u00e4heren Informationen zur Erhebung und Nutzung Ihrer Daten durch Vimeo finden Sie in der Datenschutzerkl\u00e4rung von Vimeo.<\/p>\n\n\n\n<p class=\"has-cyan-bluish-gray-color has-text-color has-link-color wp-elements-467ecaed88242cc58176568b17ed3b39\">Wenn Sie ein Vimeo-Benutzerkonto haben und nicht m\u00f6chten, dass Vimeo \u00fcber diese Website Daten \u00fcber Sie sammelt und mit Ihren bei Vimeo gespeicherten Mitgliedsdaten verkn\u00fcpft, m\u00fcssen Sie sich vor Ihrem Besuch dieser Website bei Vimeo ausloggen.<\/p>\n\n\n\n<p class=\"has-cyan-bluish-gray-color has-text-color has-link-color wp-elements-f7f5b4b6fc88b69a196434173d3e55ab\">Ausserdem ruft Vimeo \u00fcber einen iFrame, in dem das Video aufgerufen wird, den Tracker Google Analytics auf. Dabei handelt es sich um ein eigenes Tracking von Vimeo, auf das wir keinen Zugriff haben. Sie k\u00f6nnen das Tracking durch Google Analytics unterbinden, indem Sie die Deaktivierungs-Tools einsetzen, die Google f\u00fcr einige Internet-Browser anbietet. Sie k\u00f6nnen dar\u00fcber hinaus die Erfassung der durch Google Analytics erzeugten und auf ihre Nutzung der Website bezogenen Daten (inkl. Ihrer IP-Adresse) an Google sowie die Verarbeitung dieser Daten durch Google verhindern, indem Sie das unter dem folgenden Link verf\u00fcgbare Browser-Plugin herunterladen und installieren:<\/p>\n\n\n\n<p class=\"has-cyan-bluish-gray-color has-text-color has-link-color wp-elements-ab87c8fb09296cc063b17a707ad08551\"><a href=\"https:\/\/tools.google.com\/dlpage\/gaoptout?hl=de\">https:\/\/tools.google.com\/dlpage\/gaoptout?hl=de<\/a><\/p>\n\n\n\n<p class=\"has-cyan-bluish-gray-color has-text-color has-link-color wp-elements-3ca7da166533ecd2a0011eb482e3f0a5\"><strong>Hinweis zur Datenweitergabe in die USA<\/strong><\/p>\n\n\n\n<p class=\"has-cyan-bluish-gray-color has-text-color has-link-color wp-elements-8c44a985a88fde39f2037d13a286e181\">Auf unserer Website sind unter anderem Tools von Unternehmen mit Sitz in den USA eingebunden. Wenn diese Tools aktiv sind, k\u00f6nnen Ihre personenbezogenen Daten an die<\/p>\n\n\n\n<p class=\"has-cyan-bluish-gray-color has-text-color has-link-color wp-elements-bf1db141c1205826349e5bfa8e9b308e\">US-Server der jeweiligen Unternehmen weitergegeben werden. Wir weisen darauf hin, dass die USA kein sicherer Drittstaat im Sinne des EU-Datenschutzrechts sind. US- Unternehmen sind dazu verpflichtet, personenbezogene Daten an Sicherheitsbeh\u00f6rden herauszugeben, ohne dass Sie als Betroffener hiergegen gerichtlich vorgehen k\u00f6nnten. Es kann daher nicht ausgeschlossen werden, dass US-Beh\u00f6rden (z.B. Geheimdienste) Ihre auf US-Servern befindlichen Daten zu \u00dcberwachungszwecken verarbeiten, auswerten und dauerhaft speichern. Wir haben auf diese Verarbeitungst\u00e4tigkeiten keinen Einfluss.<\/p>\n\n\n\n<p class=\"has-cyan-bluish-gray-color has-text-color has-link-color wp-elements-be5ab446c4505d48740b1d1797951029\"><strong>Daten von Minderj\u00e4hrigen<\/strong><\/p>\n\n\n\n<p class=\"has-cyan-bluish-gray-color has-text-color has-link-color wp-elements-45cdd36669c2f7cfbb5a6bf17643697e\">Kinder k\u00f6nnen unsere Dienste nutzen. Wenn sie jedoch Zugriff auf bestimmte Funktionen w\u00fcnschen, m\u00fcssen sie ggf. gewisse Angaben machen. Die Erfassung einiger Daten (einschlie\u00dflich Daten, die \u00fcber Cookies, Webbeacons und andere \u00e4hnliche Technologien gesammelt werden) kann automatisch erfolgen. Wenn wir wissentlich von einem Kind erfasste Daten sammeln, verwenden oder offenlegen, werden wir in \u00dcbereinstimmung mit geltendem Recht darauf hinweisen und die Zustimmung der Eltern einholen. Wir machen die Teilnahme eines Kindes an einer Online-Aktivit\u00e4t nicht davon abh\u00e4ngig, dass das Kind mehr Kontaktdaten angibt, als vern\u00fcnftigerweise f\u00fcr die Teilnahme an dieser Aktivit\u00e4t erforderlich ist. Wir verwenden die von uns erfassten Daten nur im Zusammenhang mit den Diensten, die das Kind angefordert hat.<\/p>\n\n\n\n<p class=\"has-cyan-bluish-gray-color has-text-color has-link-color wp-elements-16c5c827746f6daafc595452e30a8be7\">Wir k\u00f6nnen auch die Kontaktdaten eines Elternteils verwenden, um \u00fcber die Aktivit\u00e4ten des Kindes in den Diensten zu kommunizieren. Eltern k\u00f6nnen Daten, die wir von ihrem Kind erfasst haben, einsehen, uns untersagen, weitere Daten Ihres Kindes zu erfassen, und verlangen, dass alle von uns erfassten Daten aus unseren Aufzeichnungen gel\u00f6scht werden.<\/p>\n\n\n\n<p class=\"has-cyan-bluish-gray-color has-text-color has-link-color wp-elements-a1ec27c814b73f3fea73774fa3ee59cb\">Bitte nehmen Sie Kontakt zu uns auf, um die Daten Ihres Kindes einzusehen, zu aktualisieren oder zu l\u00f6schen. Zum Schutz Ihres Kindes bitten wir Sie ggf. um einen Nachweis Ihrer Identit\u00e4t. Wir k\u00f6nnen Ihnen den Zugriff auf die Daten verweigern, wenn wir der Ansicht sich, dass Ihre Identit\u00e4t fraglich ist. Bitte beachten Sie, dass bestimmte Daten aufgrund anderer gesetzlicher Verpflichtungen nicht gel\u00f6scht werden k\u00f6nnen.<\/p>\n\n\n\n<p class=\"has-cyan-bluish-gray-color has-text-color has-link-color wp-elements-ed5f7d0caf5585e46e6c5699983e843a\"><strong>Urheberrechte<\/strong><\/p>\n\n\n\n<p class=\"has-cyan-bluish-gray-color has-text-color has-link-color wp-elements-5646514972f839160d3a6956d3b376a5\">Die Urheber- und alle anderen Rechte an Inhalten, Bildern, Fotos oder anderen Dateien auf der Website, geh\u00f6ren ausschliesslich dem Betreiber dieser Website oder den speziell genannten Rechteinhabern. F\u00fcr die Reproduktion von s\u00e4mtlichen Dateien, ist die schriftliche Zustimmung des Urheberrechtstr\u00e4gers im Voraus einzuholen.<\/p>\n\n\n\n<p class=\"has-cyan-bluish-gray-color has-text-color has-link-color wp-elements-c37aedfe191e243d2d58e0b4c35b8acc\">Wer ohne Einwilligung des jeweiligen Rechteinhabers eine Urheberrechtsverletzung begeht, kann sich strafbar und allenfalls schadenersatzpflichtig machen.<\/p>\n\n\n\n<p class=\"has-cyan-bluish-gray-color has-text-color has-link-color wp-elements-293a179e22497be992eb5132504a6b66\"><strong>Allgemeiner Haftungsausschluss<\/strong><\/p>\n\n\n\n<p class=\"has-cyan-bluish-gray-color has-text-color has-link-color wp-elements-c76b6ec2426ce51d892132815b69e4b9\">Alle Angaben unseres Internetangebotes wurden sorgf\u00e4ltig gepr\u00fcft. Wir bem\u00fchen uns, unser Informationsangebot aktuell, inhaltlich richtig und vollst\u00e4ndig anzubieten. Trotzdem kann das Auftreten von Fehlern nicht v\u00f6llig ausgeschlossen werden, womit wir keine Garantie f\u00fcr Vollst\u00e4ndigkeit, Richtigkeit und Aktualit\u00e4t von Informationen auch journalistisch-redaktioneller Art \u00fcbernehmen k\u00f6nnen. Haftungsanspr\u00fcche aus Sch\u00e4den materieller oder ideeller Art, die durch die Nutzung der angebotenen Informationen verursacht wurden, sind ausgeschlossen, sofern kein nachweislich vors\u00e4tzliches oder grob fahrl\u00e4ssiges Verschulden vorliegt.<\/p>\n\n\n\n<p class=\"has-cyan-bluish-gray-color has-text-color has-link-color wp-elements-443abb347c4ad30a1a0798d429a6eac9\">Der Herausgeber kann nach eigenem Ermessen und ohne Ank\u00fcndigung Texte ver\u00e4ndern oder l\u00f6schen und ist nicht verpflichtet, Inhalte dieser Website zu aktualisieren. Die Benutzung bzw. der Zugang zu dieser Website geschieht auf eigene Gefahr des Besuchers. Der Herausgeber, seine Auftraggeber oder Partner sind nicht verantwortlich f\u00fcr Sch\u00e4den, wie direkte, indirekte, zuf\u00e4llige, vorab konkret zu bestimmende oder Folgesch\u00e4den, die angeblich durch den Besuch dieser Website entstanden sind und \u00fcbernehmen hierf\u00fcr folglich keine Haftung.<\/p>\n\n\n\n<p class=\"has-cyan-bluish-gray-color has-text-color has-link-color wp-elements-9241b4093bba98819949ef6e4d35a3d5\">Der Herausgeber \u00fcbernimmt ebenfalls keine Verantwortung und Haftung f\u00fcr die Inhalte und die Verf\u00fcgbarkeit von Website Dritter, die \u00fcber externe Links dieser Website erreichbar sind. F\u00fcr den Inhalt der verlinkten Seiten sind ausschliesslich deren Betreiber verantwortlich. Der Herausgeber distanziert sich damit ausdr\u00fccklich von allen Inhalten Dritter, die m\u00f6glicherweise straf- oder haftungsrechtlich relevant sind oder gegen die guten Sitten verstossen.<\/p>\n\n\n\n<p class=\"has-cyan-bluish-gray-color has-text-color has-link-color wp-elements-9eb72a2932c7d15d65bdddabbb18cc66\"><strong><br>\u00c4nderungen<\/strong><\/p>\n\n\n\n<p class=\"has-cyan-bluish-gray-color has-text-color has-link-color wp-elements-13bee9fbeffb19751d728a0be49b7935\">Wir k\u00f6nnen diese Datenschutzerkl\u00e4rung jederzeit ohne Vorank\u00fcndigung anpassen. Es gilt die jeweils aktuelle, auf unserer Website publizierte Fassung. Soweit die Datenschutzerkl\u00e4rung Teil einer Vereinbarung mit Ihnen ist, werden wir Sie im Falle einer Aktualisierung \u00fcber die \u00c4nderung per E-Mail oder auf andere geeignete Weise informieren.<\/p>\n\n\n\n<p class=\"has-cyan-bluish-gray-color has-text-color has-link-color wp-elements-03225d40cda37da8e353e828b3e9cb38\">Fragen an den Datenschutzbeauftragten<\/p>\n\n\n\n<p class=\"has-cyan-bluish-gray-color has-text-color has-link-color wp-elements-d152088b79d21ccef074de7d83bf1636\">Wenn Sie Fragen zum Datenschutz haben, schreiben Sie uns bitte eine E-Mail oder wenden Sie sich direkt an die f\u00fcr den Datenschutz zu Beginn der Datenschutzerkl\u00e4rung aufgef\u00fchrten, verantwortlichen Person in unserer Organisation.<\/p>\n\n\n\n<p class=\"has-cyan-bluish-gray-color has-text-color has-link-color wp-elements-323b4375005839ed4b245fffc92db321\">Quelle: SwissAnwalt<\/p>\n<\/div><\/div>\n\n\n\n<p><a href=\"https:\/\/www.swissanwalt.ch\">https:\/\/www.swissanwalt.ch<\/a><\/p>\n\n\n\n<p><\/p>\n","protected":false},"excerpt":{"rendered":"<p>Verantwortliche Stelle im Sinne der Datenschutzgesetze, insbesondere der EU-Datenschutzgrundverordnung (DSGVO), ist: Larsen GenoveseStatthalterstrasse 26A3018 Bern larsengenovese@gmail.com Allgemeiner Hinweis Gest\u00fctzt auf Artikel 13 der schweizerischen Bundesverfassung und den datenschutzrechtlichen Bestimmungen des Bundes (Datenschutzgesetz, DSG) hat jede Person Anspruch auf Schutz ihrer Privatsph\u00e4re sowie auf Schutz vor Missbrauch ihrer pers\u00f6nlichen Daten. Die Betreiber dieser Seiten nehmen den [&hellip;]<\/p>\n","protected":false},"author":1,"featured_media":0,"parent":0,"menu_order":0,"comment_status":"closed","ping_status":"closed","template":"","meta":{"footnotes":""},"class_list":["post-125","page","type-page","status-publish","hentry"],"yoast_head":"<!-- This site is optimized with the Yoast SEO plugin v27.5 - https:\/\/yoast.com\/product\/yoast-seo-wordpress\/ -->\n<title>Datensch\u00fctzerkl\u00e4rung - Imaginary Roots<\/title>\n<meta name=\"robots\" content=\"index, follow, max-snippet:-1, max-image-preview:large, max-video-preview:-1\" \/>\n<link rel=\"canonical\" href=\"https:\/\/imaginaryroots.ch\/index.php\/datenschuetzerklaerung\/\" \/>\n<meta property=\"og:locale\" content=\"de_DE\" \/>\n<meta property=\"og:type\" content=\"article\" \/>\n<meta property=\"og:title\" content=\"Datensch\u00fctzerkl\u00e4rung - Imaginary Roots\" \/>\n<meta property=\"og:description\" content=\"Verantwortliche Stelle im Sinne der Datenschutzgesetze, insbesondere der EU-Datenschutzgrundverordnung (DSGVO), ist: Larsen GenoveseStatthalterstrasse 26A3018 Bern larsengenovese@gmail.com Allgemeiner Hinweis Gest\u00fctzt auf Artikel 13 der schweizerischen Bundesverfassung und den datenschutzrechtlichen Bestimmungen des Bundes (Datenschutzgesetz, DSG) hat jede Person Anspruch auf Schutz ihrer Privatsph\u00e4re sowie auf Schutz vor Missbrauch ihrer pers\u00f6nlichen Daten. Die Betreiber dieser Seiten nehmen den [&hellip;]\" \/>\n<meta property=\"og:url\" content=\"https:\/\/imaginaryroots.ch\/index.php\/datenschuetzerklaerung\/\" \/>\n<meta property=\"og:site_name\" content=\"Imaginary Roots\" \/>\n<meta property=\"article:modified_time\" content=\"2025-07-02T06:44:58+00:00\" \/>\n<meta name=\"twitter:card\" content=\"summary_large_image\" \/>\n<meta name=\"twitter:label1\" content=\"Gesch\u00e4tzte Lesezeit\" \/>\n\t<meta name=\"twitter:data1\" content=\"25\u00a0Minuten\" \/>\n<script type=\"application\/ld+json\" class=\"yoast-schema-graph\">{\"@context\":\"https:\\\/\\\/schema.org\",\"@graph\":[{\"@type\":\"WebPage\",\"@id\":\"https:\\\/\\\/imaginaryroots.ch\\\/index.php\\\/datenschuetzerklaerung\\\/\",\"url\":\"https:\\\/\\\/imaginaryroots.ch\\\/index.php\\\/datenschuetzerklaerung\\\/\",\"name\":\"Datensch\u00fctzerkl\u00e4rung - Imaginary Roots\",\"isPartOf\":{\"@id\":\"https:\\\/\\\/imaginaryroots.ch\\\/#website\"},\"datePublished\":\"2024-11-19T07:08:01+00:00\",\"dateModified\":\"2025-07-02T06:44:58+00:00\",\"breadcrumb\":{\"@id\":\"https:\\\/\\\/imaginaryroots.ch\\\/index.php\\\/datenschuetzerklaerung\\\/#breadcrumb\"},\"inLanguage\":\"de\",\"potentialAction\":[{\"@type\":\"ReadAction\",\"target\":[\"https:\\\/\\\/imaginaryroots.ch\\\/index.php\\\/datenschuetzerklaerung\\\/\"]}]},{\"@type\":\"BreadcrumbList\",\"@id\":\"https:\\\/\\\/imaginaryroots.ch\\\/index.php\\\/datenschuetzerklaerung\\\/#breadcrumb\",\"itemListElement\":[{\"@type\":\"ListItem\",\"position\":1,\"name\":\"Startseite\",\"item\":\"https:\\\/\\\/imaginaryroots.ch\\\/\"},{\"@type\":\"ListItem\",\"position\":2,\"name\":\"Datensch\u00fctzerkl\u00e4rung\"}]},{\"@type\":\"WebSite\",\"@id\":\"https:\\\/\\\/imaginaryroots.ch\\\/#website\",\"url\":\"https:\\\/\\\/imaginaryroots.ch\\\/\",\"name\":\"Imaginary Roots\",\"description\":\"String quartet\",\"potentialAction\":[{\"@type\":\"SearchAction\",\"target\":{\"@type\":\"EntryPoint\",\"urlTemplate\":\"https:\\\/\\\/imaginaryroots.ch\\\/?s={search_term_string}\"},\"query-input\":{\"@type\":\"PropertyValueSpecification\",\"valueRequired\":true,\"valueName\":\"search_term_string\"}}],\"inLanguage\":\"de\"}]}<\/script>\n<!-- \/ Yoast SEO plugin. -->","yoast_head_json":{"title":"Datensch\u00fctzerkl\u00e4rung - Imaginary Roots","robots":{"index":"index","follow":"follow","max-snippet":"max-snippet:-1","max-image-preview":"max-image-preview:large","max-video-preview":"max-video-preview:-1"},"canonical":"https:\/\/imaginaryroots.ch\/index.php\/datenschuetzerklaerung\/","og_locale":"de_DE","og_type":"article","og_title":"Datensch\u00fctzerkl\u00e4rung - Imaginary Roots","og_description":"Verantwortliche Stelle im Sinne der Datenschutzgesetze, insbesondere der EU-Datenschutzgrundverordnung (DSGVO), ist: Larsen GenoveseStatthalterstrasse 26A3018 Bern larsengenovese@gmail.com Allgemeiner Hinweis Gest\u00fctzt auf Artikel 13 der schweizerischen Bundesverfassung und den datenschutzrechtlichen Bestimmungen des Bundes (Datenschutzgesetz, DSG) hat jede Person Anspruch auf Schutz ihrer Privatsph\u00e4re sowie auf Schutz vor Missbrauch ihrer pers\u00f6nlichen Daten. Die Betreiber dieser Seiten nehmen den [&hellip;]","og_url":"https:\/\/imaginaryroots.ch\/index.php\/datenschuetzerklaerung\/","og_site_name":"Imaginary Roots","article_modified_time":"2025-07-02T06:44:58+00:00","twitter_card":"summary_large_image","twitter_misc":{"Gesch\u00e4tzte Lesezeit":"25\u00a0Minuten"},"schema":{"@context":"https:\/\/schema.org","@graph":[{"@type":"WebPage","@id":"https:\/\/imaginaryroots.ch\/index.php\/datenschuetzerklaerung\/","url":"https:\/\/imaginaryroots.ch\/index.php\/datenschuetzerklaerung\/","name":"Datensch\u00fctzerkl\u00e4rung - Imaginary Roots","isPartOf":{"@id":"https:\/\/imaginaryroots.ch\/#website"},"datePublished":"2024-11-19T07:08:01+00:00","dateModified":"2025-07-02T06:44:58+00:00","breadcrumb":{"@id":"https:\/\/imaginaryroots.ch\/index.php\/datenschuetzerklaerung\/#breadcrumb"},"inLanguage":"de","potentialAction":[{"@type":"ReadAction","target":["https:\/\/imaginaryroots.ch\/index.php\/datenschuetzerklaerung\/"]}]},{"@type":"BreadcrumbList","@id":"https:\/\/imaginaryroots.ch\/index.php\/datenschuetzerklaerung\/#breadcrumb","itemListElement":[{"@type":"ListItem","position":1,"name":"Startseite","item":"https:\/\/imaginaryroots.ch\/"},{"@type":"ListItem","position":2,"name":"Datensch\u00fctzerkl\u00e4rung"}]},{"@type":"WebSite","@id":"https:\/\/imaginaryroots.ch\/#website","url":"https:\/\/imaginaryroots.ch\/","name":"Imaginary Roots","description":"String quartet","potentialAction":[{"@type":"SearchAction","target":{"@type":"EntryPoint","urlTemplate":"https:\/\/imaginaryroots.ch\/?s={search_term_string}"},"query-input":{"@type":"PropertyValueSpecification","valueRequired":true,"valueName":"search_term_string"}}],"inLanguage":"de"}]}},"jetpack_sharing_enabled":true,"featured_media_urls":[],"_links":{"self":[{"href":"https:\/\/imaginaryroots.ch\/index.php\/wp-json\/wp\/v2\/pages\/125","targetHints":{"allow":["GET"]}}],"collection":[{"href":"https:\/\/imaginaryroots.ch\/index.php\/wp-json\/wp\/v2\/pages"}],"about":[{"href":"https:\/\/imaginaryroots.ch\/index.php\/wp-json\/wp\/v2\/types\/page"}],"author":[{"embeddable":true,"href":"https:\/\/imaginaryroots.ch\/index.php\/wp-json\/wp\/v2\/users\/1"}],"replies":[{"embeddable":true,"href":"https:\/\/imaginaryroots.ch\/index.php\/wp-json\/wp\/v2\/comments?post=125"}],"version-history":[{"count":4,"href":"https:\/\/imaginaryroots.ch\/index.php\/wp-json\/wp\/v2\/pages\/125\/revisions"}],"predecessor-version":[{"id":603,"href":"https:\/\/imaginaryroots.ch\/index.php\/wp-json\/wp\/v2\/pages\/125\/revisions\/603"}],"wp:attachment":[{"href":"https:\/\/imaginaryroots.ch\/index.php\/wp-json\/wp\/v2\/media?parent=125"}],"curies":[{"name":"wp","href":"https:\/\/api.w.org\/{rel}","templated":true}]}}